{"id":29614,"date":"2021-12-01T15:24:20","date_gmt":"2021-12-01T14:24:20","guid":{"rendered":"https:\/\/www.toprelais.ch\/adhesion\/"},"modified":"2022-02-17T11:34:16","modified_gmt":"2022-02-17T10:34:16","slug":"anschluss","status":"publish","type":"page","link":"https:\/\/www.toprelais.ch\/de\/anschluss\/","title":{"rendered":"Anschluss"},"content":{"rendered":"<p>[et_pb_section fb_built=&#8220;1&#8243; admin_label=&#8220;Service Section&#8220; _builder_version=&#8220;4.4.4&#8243; background_color=&#8220;rgba(0,0,0,0)&#8220; custom_margin=&#8220;-10px||||false|false&#8220; custom_padding=&#8220;34px||20px||false|false&#8220; global_colors_info=&#8220;{}&#8220;][et_pb_row admin_label=&#8220;Quote&#8220; _builder_version=&#8220;4.4.4&#8243; background_color=&#8220;rgba(0,0,0,0)&#8220; background_size=&#8220;initial&#8220; background_position=&#8220;top_left&#8220; background_repeat=&#8220;repeat&#8220; global_colors_info=&#8220;{}&#8220;][et_pb_column type=&#8220;4_4&#8243; _builder_version=&#8220;3.25&#8243; custom_padding=&#8220;|||&#8220; global_colors_info=&#8220;{}&#8220; custom_padding__hover=&#8220;|||&#8220;][et_pb_text admin_label=&#8220;Quote&#8220; _builder_version=&#8220;4.7.7&#8243; text_font=&#8220;Signika||||||||&#8220; text_text_color=&#8220;#8c2328&#8243; text_font_size=&#8220;20px&#8220; text_line_height=&#8220;1.75em&#8220; header_2_font=&#8220;Signika|600|||||||&#8220; header_2_text_color=&#8220;#8c2328&#8243; header_2_line_height=&#8220;1.2em&#8220; background_color=&#8220;rgba(0,0,0,0)&#8220; text_orientation=&#8220;center&#8220; custom_padding=&#8220;|80px|0px|80px|false|false&#8220; custom_padding_tablet=&#8220;&#8220; custom_padding_phone=&#8220;|10px|0px|10px|false|false&#8220; custom_padding_last_edited=&#8220;on|tablet&#8220; global_colors_info=&#8220;{}&#8220;]<\/p>\n<h2>M\u00f6chten Sie sich uns anschliessen?<br \/>Nichts einfacher als das.<\/h2>\n<p>[\/et_pb_text][\/et_pb_column][\/et_pb_row][\/et_pb_section][et_pb_section fb_built=&#8220;1&#8243; _builder_version=&#8220;4.4.4&#8243; background_color=&#8220;#f7f7f7&#8243; custom_margin=&#8220;0px||||false|false&#8220; custom_padding=&#8220;25px||||false|false&#8220; global_colors_info=&#8220;{}&#8220;][et_pb_row _builder_version=&#8220;4.4.4&#8243; custom_padding=&#8220;||7px|||&#8220; global_colors_info=&#8220;{}&#8220;][et_pb_column type=&#8220;4_4&#8243; _builder_version=&#8220;4.4.4&#8243; global_colors_info=&#8220;{}&#8220;][et_pb_text admin_label=&#8220;Quote&#8220; _builder_version=&#8220;4.7.7&#8243; text_font=&#8220;Signika||||||||&#8220; text_text_color=&#8220;#000000&#8243; text_font_size=&#8220;20px&#8220; text_line_height=&#8220;1.75em&#8220; header_2_font=&#8220;Signika|600|||||||&#8220; header_2_text_color=&#8220;#8c2328&#8243; header_2_line_height=&#8220;1.2em&#8220; header_3_font=&#8220;Signika|600|||||||&#8220; header_3_text_color=&#8220;#000000&#8243; text_orientation=&#8220;center&#8220; custom_padding=&#8220;|80px|0px|80px|false|false&#8220; custom_padding_tablet=&#8220;&#8220; custom_padding_phone=&#8220;|0px||0px|false|false&#8220; custom_padding_last_edited=&#8220;on|phone&#8220; global_colors_info=&#8220;{}&#8220;]<\/p>\n<h3><strong>Schriftlich<\/strong><\/h3>\n<p>Rufen Sie uns zun\u00e4chst unter 027 723 39 70 an.<br \/>Danach senden wir Ihnen gerne die Unterlagen zu, die<br \/>Sie ausgef\u00fcllt wieder an uns zur\u00fcckschicken.<\/p>\n<p>[\/et_pb_text][et_pb_text admin_label=&#8220;Quote&#8220; _builder_version=&#8220;4.7.7&#8243; text_font=&#8220;Signika||||||||&#8220; text_text_color=&#8220;#000000&#8243; text_font_size=&#8220;20px&#8220; text_line_height=&#8220;1.75em&#8220; header_2_font=&#8220;Signika|600|||||||&#8220; header_2_text_color=&#8220;#8c2328&#8243; header_2_line_height=&#8220;1.2em&#8220; header_3_font=&#8220;Signika|600|||||||&#8220; header_3_text_color=&#8220;#000000&#8243; text_orientation=&#8220;center&#8220; custom_padding=&#8220;|80px|0px|80px|false|false&#8220; custom_padding_tablet=&#8220;&#8220; custom_padding_phone=&#8220;|0px||0px|false|false&#8220; custom_padding_last_edited=&#8220;on|tablet&#8220; global_colors_info=&#8220;{}&#8220;]<\/p>\n<h3><strong>Auf elektronischem Weg<\/strong><\/h3>\n<p>F\u00fcllen Sie die Dokumente hier unten aus<br \/>und senden Sie sie per E-Mail an<br \/><span class=\"__wpsk_a7cQybLg\">hc&#x2e;sialerpot&#064;noitartsinimda<\/span>.<\/p>\n<p>[\/et_pb_text][et_pb_text admin_label=&#8220;Quote&#8220; _builder_version=&#8220;4.9.2&#8243; text_font=&#8220;Signika||||||||&#8220; text_text_color=&#8220;#000000&#8243; text_font_size=&#8220;20px&#8220; text_line_height=&#8220;1.75em&#8220; header_2_font=&#8220;Signika|600|||||||&#8220; header_2_text_color=&#8220;#8c2328&#8243; header_2_line_height=&#8220;1.2em&#8220; header_3_font=&#8220;Signika|600|||||||&#8220; header_3_text_color=&#8220;#000000&#8243; text_orientation=&#8220;center&#8220; custom_padding=&#8220;|80px|0px|80px|false|false&#8220; custom_padding_tablet=&#8220;&#8220; custom_padding_phone=&#8220;|0px||0px|false|false&#8220; custom_padding_last_edited=&#8220;on|tablet&#8220; global_colors_info=&#8220;{}&#8220;]<\/p>\n<p>Der Anschluss an Top Relais kostet 40 Franken.<\/p>\n<p>[\/et_pb_text][\/et_pb_column][\/et_pb_row][\/et_pb_section][et_pb_section fb_built=&#8220;1&#8243; _builder_version=&#8220;4.4.4&#8243; global_colors_info=&#8220;{}&#8220;][et_pb_row column_structure=&#8220;1_3,1_3,1_3&#8243; _builder_version=&#8220;4.4.4&#8243; global_colors_info=&#8220;{}&#8220;][et_pb_column type=&#8220;1_3&#8243; _builder_version=&#8220;4.4.4&#8243; global_colors_info=&#8220;{}&#8220;][et_pb_blurb title=&#8220;1. Informationen Arbeitgeber\/in&#8220; image=&#8220;https:\/\/www.toprelais.ch\/wp-content\/uploads\/2020\/07\/icone-home-adhesion.png&#8220; image_tablet=&#8220;https:\/\/toprelais.ch\/wp-content\/uploads\/2020\/07\/icone-home-adhesion.png&#8220; image_phone=&#8220;https:\/\/toprelais.ch\/wp-content\/uploads\/2020\/07\/icone-home-adhesion.png&#8220; image_last_edited=&#8220;on|phone&#8220; _builder_version=&#8220;4.14.3&#8243; header_level=&#8220;h2&#8243; header_font=&#8220;Signika|700|||||||&#8220; header_text_color=&#8220;#8c2328&#8243; header_font_size=&#8220;18px&#8220; header_line_height=&#8220;1.4em&#8220; body_font=&#8220;Signika|300|||||||&#8220; body_text_color=&#8220;#000000&#8243; body_font_size=&#8220;18px&#8220; body_line_height=&#8220;1.75em&#8220; background_size=&#8220;initial&#8220; background_position=&#8220;top_left&#8220; background_repeat=&#8220;repeat&#8220; text_orientation=&#8220;center&#8220; custom_padding=&#8220;30px|30px|30px|30px&#8220; animation_style=&#8220;bounce&#8220; animation_direction=&#8220;top&#8220; animation_duration=&#8220;1150ms&#8220; animation_delay=&#8220;400ms&#8220; hover_enabled=&#8220;0&#8243; border_width_all=&#8220;0px&#8220; border_color_all=&#8220;#dddddd&#8220; border_style_all=&#8220;solid&#8220; use_border_color=&#8220;on&#8220; border_color=&#8220;#dddddd&#8220; locked=&#8220;off&#8220; global_colors_info=&#8220;{}&#8220; sticky_enabled=&#8220;0&#8243;]<\/p>\n<p><a href=\"https:\/\/www.toprelais.ch\/wp-content\/uploads\/2022\/02\/Angaben-Arbeitgeber-in.xlsx\" title=\"Formulaire d\u2019inscription employeur\u00b7euse\"><i class=\"fas fa-file-alt\"><\/i>\u00a0Angaben Arbeitgeber\/in<\/a><\/p>\n<p>[\/et_pb_blurb][\/et_pb_column][et_pb_column type=&#8220;1_3&#8243; _builder_version=&#8220;4.4.4&#8243; global_colors_info=&#8220;{}&#8220;][et_pb_blurb title=&#8220;2. Informationen Arbeitnehmer\/in&#8220; image=&#8220;https:\/\/www.toprelais.ch\/wp-content\/uploads\/2021\/01\/icone-infos-employes.png&#8220; image_tablet=&#8220;https:\/\/toprelais.ch\/wp-content\/uploads\/2021\/01\/icone-infos-employes.png&#8220; image_phone=&#8220;https:\/\/toprelais.ch\/wp-content\/uploads\/2021\/01\/icone-infos-employes.png&#8220; image_last_edited=&#8220;on|phone&#8220; _builder_version=&#8220;4.14.3&#8243; header_level=&#8220;h2&#8243; header_font=&#8220;Signika|700|||||||&#8220; header_text_color=&#8220;#8c2328&#8243; header_font_size=&#8220;18px&#8220; header_line_height=&#8220;1.4em&#8220; body_font=&#8220;Signika|300|||||||&#8220; body_text_color=&#8220;#000000&#8243; body_font_size=&#8220;18px&#8220; body_line_height=&#8220;1.75em&#8220; background_size=&#8220;initial&#8220; background_position=&#8220;top_left&#8220; background_repeat=&#8220;repeat&#8220; text_orientation=&#8220;center&#8220; custom_padding=&#8220;30px|30px|30px|30px&#8220; animation_style=&#8220;bounce&#8220; animation_direction=&#8220;top&#8220; animation_duration=&#8220;1150ms&#8220; animation_delay=&#8220;400ms&#8220; hover_enabled=&#8220;0&#8243; border_width_all=&#8220;0px&#8220; border_color_all=&#8220;#dddddd&#8220; border_style_all=&#8220;solid&#8220; use_border_color=&#8220;on&#8220; border_color=&#8220;#dddddd&#8220; locked=&#8220;off&#8220; global_colors_info=&#8220;{}&#8220; sticky_enabled=&#8220;0&#8243;]<\/p>\n<p><a href=\"https:\/\/www.toprelais.ch\/wp-content\/uploads\/2022\/02\/Angaben-Arbeitnehmer-in.xlsx\" title=\"Informations employ\u00e9\u00b7e\"><i class=\"fas fa-file-alt\"><\/i>\u00a0Angaben Arbeitnehmer\/in<\/a><\/p>\n<p>[\/et_pb_blurb][\/et_pb_column][et_pb_column type=&#8220;1_3&#8243; _builder_version=&#8220;4.4.4&#8243; global_colors_info=&#8220;{}&#8220;][et_pb_blurb title=&#8220;3. Arbeitsvertrag&#8220; image=&#8220;https:\/\/www.toprelais.ch\/wp-content\/uploads\/2020\/07\/icone-fonctionnement-contrat.png&#8220; image_tablet=&#8220;https:\/\/toprelais.ch\/wp-content\/uploads\/2020\/07\/icone-fonctionnement-contrat.png&#8220; image_phone=&#8220;https:\/\/toprelais.ch\/wp-content\/uploads\/2020\/07\/icone-fonctionnement-contrat.png&#8220; image_last_edited=&#8220;on|desktop&#8220; _builder_version=&#8220;4.14.3&#8243; header_level=&#8220;h2&#8243; header_font=&#8220;Signika|700|||||||&#8220; header_text_color=&#8220;#8c2328&#8243; header_font_size=&#8220;18px&#8220; header_line_height=&#8220;1.4em&#8220; body_font=&#8220;Signika|300|||||||&#8220; body_text_color=&#8220;#000000&#8243; body_font_size=&#8220;18px&#8220; body_line_height=&#8220;1.75em&#8220; background_size=&#8220;initial&#8220; background_position=&#8220;top_left&#8220; background_repeat=&#8220;repeat&#8220; text_orientation=&#8220;center&#8220; custom_padding=&#8220;30px|30px|30px|30px&#8220; animation_style=&#8220;bounce&#8220; animation_direction=&#8220;top&#8220; animation_duration=&#8220;1150ms&#8220; animation_delay=&#8220;400ms&#8220; hover_enabled=&#8220;0&#8243; border_width_all=&#8220;0px&#8220; border_color_all=&#8220;#dddddd&#8220; border_style_all=&#8220;solid&#8220; use_border_color=&#8220;on&#8220; border_color=&#8220;#dddddd&#8220; locked=&#8220;off&#8220; global_colors_info=&#8220;{}&#8220; sticky_enabled=&#8220;0&#8243;]<\/p>\n<p><a href=\"https:\/\/www.toprelais.ch\/wp-content\/uploads\/2022\/02\/Informationen-uber-den-Vertrag.xlsx\" title=\"Contrat de travail&lt;\"><i class=\"fas fa-file-alt\"><\/i>\u00a0Informationen \u00fcber den Vertrag<\/a><\/p>\n<p>[\/et_pb_blurb][\/et_pb_column][\/et_pb_row][\/et_pb_section]<\/p>\n","protected":false},"excerpt":{"rendered":"<p>M\u00f6chten Sie sich uns anschliessen?Nichts einfacher als das.Schriftlich Rufen Sie uns zun\u00e4chst unter 027 723 39 70 an.Danach senden wir Ihnen gerne die Unterlagen zu, dieSie ausgef\u00fcllt wieder an uns zur\u00fcckschicken.Auf elektronischem Weg F\u00fcllen Sie die Dokumente hier unten ausund senden Sie sie per E-Mail <span class=\"__wpsk_a7cQybLg\">reD&#x2e;hc&#x2e;sialerpot&#064;noitartsinimdana<\/span> Anschluss an Top Relais kostet 40 Franken.\u00a0Angaben Arbeitgeber\/in\u00a0Angaben Arbeitnehmer\/in\u00a0Informationen [&hellip;]<\/p>\n","protected":false},"author":1,"featured_media":0,"parent":0,"menu_order":0,"comment_status":"closed","ping_status":"closed","template":"","meta":{"_et_pb_use_builder":"on","_et_pb_old_content":"","_et_gb_content_width":"","footnotes":""},"class_list":["post-29614","page","type-page","status-publish","hentry"],"yoast_head":"<!-- This site is optimized with the Yoast SEO plugin v27.4 - https:\/\/yoast.com\/product\/yoast-seo-wordpress\/ -->\n<title>Top relais - Anschluss<\/title>\n<meta name=\"description\" content=\"M\u00f6chten Sie sich uns anschliessen? Nichts einfacher als das.\" \/>\n<meta name=\"robots\" content=\"index, follow, max-snippet:-1, max-image-preview:large, max-video-preview:-1\" \/>\n<link rel=\"canonical\" href=\"https:\/\/www.toprelais.ch\/de\/anschluss\/\" \/>\n<meta property=\"og:locale\" content=\"de_DE\" \/>\n<meta property=\"og:type\" content=\"article\" \/>\n<meta property=\"og:title\" content=\"Top relais - Anschluss\" \/>\n<meta property=\"og:description\" content=\"M\u00f6chten Sie sich uns anschliessen? Nichts einfacher als das.\" \/>\n<meta property=\"og:url\" content=\"https:\/\/www.toprelais.ch\/de\/anschluss\/\" \/>\n<meta property=\"og:site_name\" content=\"Top relais\" \/>\n<meta property=\"article:modified_time\" content=\"2022-02-17T10:34:16+00:00\" \/>\n<meta name=\"twitter:card\" content=\"summary_large_image\" \/>\n<meta name=\"twitter:label1\" content=\"Gesch\u00e4tzte Lesezeit\" \/>\n\t<meta name=\"twitter:data1\" content=\"2\u00a0Minuten\" \/>\n<script type=\"application\/ld+json\" class=\"yoast-schema-graph\">{\"@context\":\"https:\\\/\\\/schema.org\",\"@graph\":[{\"@type\":\"WebPage\",\"@id\":\"https:\\\/\\\/www.toprelais.ch\\\/de\\\/anschluss\\\/\",\"url\":\"https:\\\/\\\/www.toprelais.ch\\\/de\\\/anschluss\\\/\",\"name\":\"Top relais - Anschluss\",\"isPartOf\":{\"@id\":\"https:\\\/\\\/www.toprelais.ch\\\/de\\\/#website\"},\"datePublished\":\"2021-12-01T14:24:20+00:00\",\"dateModified\":\"2022-02-17T10:34:16+00:00\",\"description\":\"M\u00f6chten Sie sich uns anschliessen? Nichts einfacher als das.\",\"breadcrumb\":{\"@id\":\"https:\\\/\\\/www.toprelais.ch\\\/de\\\/anschluss\\\/#breadcrumb\"},\"inLanguage\":\"de\",\"potentialAction\":[{\"@type\":\"ReadAction\",\"target\":[\"https:\\\/\\\/www.toprelais.ch\\\/de\\\/anschluss\\\/\"]}]},{\"@type\":\"BreadcrumbList\",\"@id\":\"https:\\\/\\\/www.toprelais.ch\\\/de\\\/anschluss\\\/#breadcrumb\",\"itemListElement\":[{\"@type\":\"ListItem\",\"position\":1,\"name\":\"Accueil\",\"item\":\"https:\\\/\\\/www.toprelais.ch\\\/de\\\/\"},{\"@type\":\"ListItem\",\"position\":2,\"name\":\"Anschluss\"}]},{\"@type\":\"WebSite\",\"@id\":\"https:\\\/\\\/www.toprelais.ch\\\/de\\\/#website\",\"url\":\"https:\\\/\\\/www.toprelais.ch\\\/de\\\/\",\"name\":\"Top relais\",\"description\":\"Employeur affili\u00e9, employ\u00e9 prot\u00e9g\u00e9\",\"potentialAction\":[{\"@type\":\"SearchAction\",\"target\":{\"@type\":\"EntryPoint\",\"urlTemplate\":\"https:\\\/\\\/www.toprelais.ch\\\/de\\\/?s={search_term_string}\"},\"query-input\":{\"@type\":\"PropertyValueSpecification\",\"valueRequired\":true,\"valueName\":\"search_term_string\"}}],\"inLanguage\":\"de\"}]}<\/script>\n<!-- \/ Yoast SEO plugin. -->","yoast_head_json":{"title":"Top relais - Anschluss","description":"M\u00f6chten Sie sich uns anschliessen? Nichts einfacher als das.","robots":{"index":"index","follow":"follow","max-snippet":"max-snippet:-1","max-image-preview":"max-image-preview:large","max-video-preview":"max-video-preview:-1"},"canonical":"https:\/\/www.toprelais.ch\/de\/anschluss\/","og_locale":"de_DE","og_type":"article","og_title":"Top relais - Anschluss","og_description":"M\u00f6chten Sie sich uns anschliessen? Nichts einfacher als das.","og_url":"https:\/\/www.toprelais.ch\/de\/anschluss\/","og_site_name":"Top relais","article_modified_time":"2022-02-17T10:34:16+00:00","twitter_card":"summary_large_image","twitter_misc":{"Gesch\u00e4tzte Lesezeit":"2\u00a0Minuten"},"schema":{"@context":"https:\/\/schema.org","@graph":[{"@type":"WebPage","@id":"https:\/\/www.toprelais.ch\/de\/anschluss\/","url":"https:\/\/www.toprelais.ch\/de\/anschluss\/","name":"Top relais - Anschluss","isPartOf":{"@id":"https:\/\/www.toprelais.ch\/de\/#website"},"datePublished":"2021-12-01T14:24:20+00:00","dateModified":"2022-02-17T10:34:16+00:00","description":"M\u00f6chten Sie sich uns anschliessen? Nichts einfacher als das.","breadcrumb":{"@id":"https:\/\/www.toprelais.ch\/de\/anschluss\/#breadcrumb"},"inLanguage":"de","potentialAction":[{"@type":"ReadAction","target":["https:\/\/www.toprelais.ch\/de\/anschluss\/"]}]},{"@type":"BreadcrumbList","@id":"https:\/\/www.toprelais.ch\/de\/anschluss\/#breadcrumb","itemListElement":[{"@type":"ListItem","position":1,"name":"Accueil","item":"https:\/\/www.toprelais.ch\/de\/"},{"@type":"ListItem","position":2,"name":"Anschluss"}]},{"@type":"WebSite","@id":"https:\/\/www.toprelais.ch\/de\/#website","url":"https:\/\/www.toprelais.ch\/de\/","name":"Top relais","description":"Employeur affili\u00e9, employ\u00e9 prot\u00e9g\u00e9","potentialAction":[{"@type":"SearchAction","target":{"@type":"EntryPoint","urlTemplate":"https:\/\/www.toprelais.ch\/de\/?s={search_term_string}"},"query-input":{"@type":"PropertyValueSpecification","valueRequired":true,"valueName":"search_term_string"}}],"inLanguage":"de"}]}},"_links":{"self":[{"href":"https:\/\/www.toprelais.ch\/de\/wp-json\/wp\/v2\/pages\/29614","targetHints":{"allow":["GET"]}}],"collection":[{"href":"https:\/\/www.toprelais.ch\/de\/wp-json\/wp\/v2\/pages"}],"about":[{"href":"https:\/\/www.toprelais.ch\/de\/wp-json\/wp\/v2\/types\/page"}],"author":[{"embeddable":true,"href":"https:\/\/www.toprelais.ch\/de\/wp-json\/wp\/v2\/users\/1"}],"replies":[{"embeddable":true,"href":"https:\/\/www.toprelais.ch\/de\/wp-json\/wp\/v2\/comments?post=29614"}],"version-history":[{"count":8,"href":"https:\/\/www.toprelais.ch\/de\/wp-json\/wp\/v2\/pages\/29614\/revisions"}],"predecessor-version":[{"id":29714,"href":"https:\/\/www.toprelais.ch\/de\/wp-json\/wp\/v2\/pages\/29614\/revisions\/29714"}],"wp:attachment":[{"href":"https:\/\/www.toprelais.ch\/de\/wp-json\/wp\/v2\/media?parent=29614"}],"curies":[{"name":"wp","href":"https:\/\/api.w.org\/{rel}","templated":true}]}}